{"id":2,"date":"2021-11-05T07:44:32","date_gmt":"2021-11-05T07:44:32","guid":{"rendered":"http:\/\/localhost\/wordpress\/?page_id=2"},"modified":"2023-01-05T06:25:00","modified_gmt":"2023-01-05T06:25:00","slug":"sample-page","status":"publish","type":"page","link":"https:\/\/www.kalibracevlhkomeru.cz\/","title":{"rendered":"Kalibra\u010dn\u00ed laborato\u0159 Scanlab Praha"},"content":{"rendered":"\n<p class=\"has-vivid-cyan-blue-color has-text-color\"><strong>V\u00edt\u00e1me V\u00e1s na na\u0161ich str\u00e1nk\u00e1ch<\/strong><\/p>\n\n\n\n<div class=\"wp-block-columns\">\n<div class=\"wp-block-column\">\n<p style=\"font-size:16px\">Nab\u00edz\u00edme V\u00e1m akreditovan\u00e9 kalibrace elektronick\u00fdch vlhkom\u011br\u016f. Vlhkom\u011bry kalibrujeme v na\u0161\u00ed kalibra\u010dn\u00ed laborato\u0159e a nab\u00edz\u00edme V\u00e1m tak\u00e9 kalibrace proveden\u00e9 na Va\u0161em pracovi\u0161ti.<\/p>\n\n\n\n<div style=\"height:28px\" aria-hidden=\"true\" class=\"wp-block-spacer\"><\/div>\n\n\n\n<p><strong>Pro\u010d kalibrovat vlhkom\u011bry u n\u00e1s?<\/strong><\/p>\n\n\n\n<ol style=\"font-size:15px\"><li>kalibrace jsou prov\u00e1d\u011bny do 3 pracovn\u00edch dn\u016f<\/li><li>v cel\u00e9 \u010cR a SR nab\u00edz\u00edme svoz a rozvoz vlhkom\u011br\u016f zdarma<\/li><li>po dobu kalibrace V\u00e1m r\u00e1di nab\u00eddneme n\u00e1hradn\u00ed vlhkom\u011bry s platnou kalibrac\u00ed<\/li><li>kalibra\u010dn\u00ed listy V\u00e1m po\u0161leme naskenovan\u00e9<\/li><li>nab\u00edz\u00edme mo\u017enost kalibrace vlhkom\u011br\u016f Va\u0161em pracovi\u0161ti<\/li><\/ol>\n<\/div>\n\n\n\n<div class=\"wp-block-column\">\n<div class=\"wp-block-image\"><figure class=\"aligncenter size-large is-resized\"><img loading=\"lazy\" src=\"https:\/\/www.kalibracevlhkomeru.cz\/wp-content\/uploads\/2022\/02\/IMG_3585-768x1024.jpg\" alt=\"\" class=\"wp-image-211\" width=\"262\" height=\"349\" srcset=\"https:\/\/www.kalibracevlhkomeru.cz\/wp-content\/uploads\/2022\/02\/IMG_3585-768x1024.jpg 768w, https:\/\/www.kalibracevlhkomeru.cz\/wp-content\/uploads\/2022\/02\/IMG_3585-225x300.jpg 225w, https:\/\/www.kalibracevlhkomeru.cz\/wp-content\/uploads\/2022\/02\/IMG_3585-1152x1536.jpg 1152w, https:\/\/www.kalibracevlhkomeru.cz\/wp-content\/uploads\/2022\/02\/IMG_3585-1536x2048.jpg 1536w, https:\/\/www.kalibracevlhkomeru.cz\/wp-content\/uploads\/2022\/02\/IMG_3585-scaled.jpg 1920w\" sizes=\"(max-width: 262px) 100vw, 262px\" \/><\/figure><\/div>\n<\/div>\n<\/div>\n\n\n\n<hr class=\"wp-block-separator\"\/>\n\n\n\n<p><strong>Nab\u00edz\u00edme V\u00e1m:<\/strong><\/p>\n\n\n\n<p style=\"font-size:16px\">1)&nbsp;<strong>Akreditovan\u00e9 kalibrace<\/strong>: kalibrace jsou prov\u00e1d\u011bny dle postup\u016f schv\u00e1len\u00fdch \u010cIA, kter\u00e9 vych\u00e1zej\u00ed z mezin\u00e1rodn\u00edch norem. Kalibraci V\u00e1m r\u00e1di provedeme ve V\u00e1mi vybran\u00fdch vlhkostn\u00edch bodech. Kalibrace jsou standardn\u011b prov\u00e1d\u011bny do 3 pracovn\u00edch dn\u016f.<\/p>\n\n\n\n<p style=\"font-size:16px\">2)&nbsp;<strong>Neakreditovan\u00e9 kalibrace<\/strong>: kalibrace jsou prov\u00e1d\u011bny dle ve\u0159ejn\u00fdch postup\u016f. Kalibraci r\u00e1di provedeme ve V\u00e1mi vybran\u00fdch vlhkostn\u00edch bodech. Kalibrace jsou standardn\u011b prov\u00e1d\u011bny do 4 pracovn\u00edch dn\u016f. Neakreditovan\u00e1 kalibrace nen\u00ed akreditovan\u00fd v\u00fdkon.<\/p>\n\n\n\n<p style=\"font-size:16px\">3)&nbsp;<strong>Mezikalibra\u010dn\u00ed kontroly<\/strong>: mezikalibra\u010dn\u00ed kontrola vlhkom\u011bru se nej\u010dast\u011bji vyu\u017e\u00edv\u00e1 jako ur\u010dit\u00fd druh jistoty spr\u00e1vn\u00e9 m\u011b\u0159\u00edc\u00ed funkce vlhkom\u011bru. B\u011bhem t\u00e9to kontroly se ov\u011b\u0159\u00ed, zda vlhkom\u011br m\u011b\u0159\u00ed spr\u00e1vn\u00e9 hodnoty. Je tak\u00e9 provedena \u00fadr\u017eba vlhkom\u011bru, \u010di\u0161t\u011bn\u00ed apod. Mezikalibra\u010dn\u00ed kontrola nen\u00ed akreditovan\u00fd v\u00fdkon.<\/p>\n\n\n\n<hr class=\"wp-block-separator\"\/>\n\n\n\n<p><\/p>\n","protected":false},"excerpt":{"rendered":"<p>V\u00edt\u00e1me V\u00e1s na na\u0161ich str\u00e1nk\u00e1ch Nab\u00edz\u00edme V\u00e1m akreditovan\u00e9 kalibrace elektronick\u00fdch vlhkom\u011br\u016f. Vlhkom\u011bry kalibrujeme v na\u0161\u00ed kalibra\u010dn\u00ed laborato\u0159e a nab\u00edz\u00edme V\u00e1m tak\u00e9 kalibrace proveden\u00e9 na Va\u0161em pracovi\u0161ti. Pro\u010d kalibrovat vlhkom\u011bry u n\u00e1s? kalibrace jsou prov\u00e1d\u011bny do 3 pracovn\u00edch dn\u016f v cel\u00e9 \u010cR a SR nab\u00edz\u00edme svoz a rozvoz vlhkom\u011br\u016f zdarma po dobu kalibrace V\u00e1m r\u00e1di nab\u00eddneme [&hellip;]<\/p>\n","protected":false},"author":1,"featured_media":0,"parent":0,"menu_order":0,"comment_status":"closed","ping_status":"open","template":"","meta":{"spay_email":""},"_links":{"self":[{"href":"https:\/\/www.kalibracevlhkomeru.cz\/index.php\/wp-json\/wp\/v2\/pages\/2"}],"collection":[{"href":"https:\/\/www.kalibracevlhkomeru.cz\/index.php\/wp-json\/wp\/v2\/pages"}],"about":[{"href":"https:\/\/www.kalibracevlhkomeru.cz\/index.php\/wp-json\/wp\/v2\/types\/page"}],"author":[{"embeddable":true,"href":"https:\/\/www.kalibracevlhkomeru.cz\/index.php\/wp-json\/wp\/v2\/users\/1"}],"replies":[{"embeddable":true,"href":"https:\/\/www.kalibracevlhkomeru.cz\/index.php\/wp-json\/wp\/v2\/comments?post=2"}],"version-history":[{"count":17,"href":"https:\/\/www.kalibracevlhkomeru.cz\/index.php\/wp-json\/wp\/v2\/pages\/2\/revisions"}],"predecessor-version":[{"id":277,"href":"https:\/\/www.kalibracevlhkomeru.cz\/index.php\/wp-json\/wp\/v2\/pages\/2\/revisions\/277"}],"wp:attachment":[{"href":"https:\/\/www.kalibracevlhkomeru.cz\/index.php\/wp-json\/wp\/v2\/media?parent=2"}],"curies":[{"name":"wp","href":"https:\/\/api.w.org\/{rel}","templated":true}]}}